 
{"id":82413,"date":"2023-04-07T13:16:21","date_gmt":"2023-04-07T13:16:21","guid":{"rendered":"https:\/\/www.globallogic.com\/pl\/?post_type=events&amp;p=82413"},"modified":"2023-04-07T13:16:21","modified_gmt":"2023-04-07T13:16:21","slug":"embedded-meetup-wroclaw-vol-9","status":"publish","type":"events","link":"https:\/\/www.globallogic.com\/pl\/about\/events\/embedded-meetup-wroclaw-vol-9\/","title":{"rendered":"Embedded Meetup Wroc\u0142aw vol. 9"},"content":{"rendered":"<div class=\"classic_editor_content\"><span style=\"font-weight: 400;\">Poznaj pasjonat\u00f3w system\u00f3w wbudowanych i wys\u0142uchaj fascynuj\u0105cych prelekcji na Embedded Meetupie <\/span><span style=\"font-weight: 400;\">\u2013<\/span><span style=\"font-weight: 400;\"> wydarzeniu dla bran\u017cy IT, kt\u00f3re odb\u0119dzie si\u0119 25 kwietnia w klubie PROZA. Na miejscu spotkasz si\u0119 te\u017c z prawdziwymi ekspertami, kt\u00f3rzy podziel\u0105 si\u0119 z Tob\u0105 najnowszymi trendami i narz\u0119dziami. <\/span><a rel=\"external nofollow\" target=\"_blank\" href=\"https:\/\/docs.google.com\/forms\/d\/e\/1FAIpQLSd-bNYu8lyYVNXwO-KiFJuuc79sM3LiCJ2BbFNcAzLqx-Pwug\/viewform\"><b>Zapisz si\u0119 ju\u017c dzi\u015b<\/b><\/a><span style=\"font-weight: 400;\"> i zacznij tworzy\u0107 swoj\u0105 sie\u0107 kontakt\u00f3w w bran\u017cy embedded!<\/span><\/p>\n<p><a rel=\"external nofollow\" target=\"_blank\" href=\"https:\/\/docs.google.com\/forms\/d\/e\/1FAIpQLSd-bNYu8lyYVNXwO-KiFJuuc79sM3LiCJ2BbFNcAzLqx-Pwug\/viewform\"><img loading=\"lazy\" decoding=\"async\" class=\"wp-image-83651 size-full\" src=\"https:\/\/www.globallogic.com\/pl\/wp-content\/uploads\/sites\/9\/2023\/04\/embedded-meetup-wroclaw-9-www.jpg\" alt=\"\" width=\"1200\" height=\"300\" srcset=\"https:\/\/www.globallogic.com\/pl\/wp-content\/uploads\/sites\/9\/2023\/04\/embedded-meetup-wroclaw-9-www.jpg 1200w, https:\/\/www.globallogic.com\/pl\/wp-content\/uploads\/sites\/9\/2023\/04\/embedded-meetup-wroclaw-9-www-300x75.jpg 300w, https:\/\/www.globallogic.com\/pl\/wp-content\/uploads\/sites\/9\/2023\/04\/embedded-meetup-wroclaw-9-www-1024x256.jpg 1024w, https:\/\/www.globallogic.com\/pl\/wp-content\/uploads\/sites\/9\/2023\/04\/embedded-meetup-wroclaw-9-www-768x192.jpg 768w\" sizes=\"auto, (max-width: 1200px) 100vw, 1200px\" \/><\/a><\/p>\n<p><b><span style=\"font-weight: 400;\"><a href=\"https:\/\/www.globallogic.com\/pl\/services\/technical-capabilities\/embedded-system-engineering\/\">Embedded<\/a> Meetup to doskona\u0142a okazja dla profesjonalist\u00f3w z bran\u017cy IT, by spotka\u0107 si\u0119, nawi\u0105za\u0107 kontakty i rozwija\u0107 swoj\u0105 wiedz\u0119. <\/span>Na naszych spotkaniach go\u015bcimy ekspert\u00f3w, kt\u00f3rzy dziel\u0105 si\u0119 swoim do\u015bwiadczeniem i ch\u0119tnie odpowiadaj\u0105 na pytania o to, co Was nurtuje, inspiruje czy nap\u0119dza. <\/b><span style=\"font-weight: 400;\">Podczas najbli\u017cszego spotkania na tapecie znajd\u0105 si\u0119 projekty i rozwi\u0105zania z sektora automotive. Nasi eksperci \u2013 <strong>Daniel Jab\u0142o\u0144ski<\/strong> (za Krzysztofa Olka) i <strong>Rafa\u0142 Gierszewski<\/strong> podziel\u0105 si\u0119 wiedz\u0105 na tematy zwi\u0105zane z oprogramowaniem oraz jego rozwojem w bran\u017cy motoryzacyjnej.<\/span><\/p>\n<div id=\"button2\"><a class=\"btn mod-orange\" href=\"https:\/\/docs.google.com\/forms\/d\/e\/1FAIpQLSd-bNYu8lyYVNXwO-KiFJuuc79sM3LiCJ2BbFNcAzLqx-Pwug\/viewform\" target=\"_blank\" rel=\"external nofollow\" target=\"_blank\" nofollow noopener\">DARMOWA REJESTRACJA<\/a><\/div>\n<p>&nbsp;<\/p>\n<p><span style=\"font-weight: 400;\"><strong>KIEDY?<\/strong> 25 kwietnia 2023 roku o godzinie 18:00<\/span><\/p>\n<p><span style=\"font-weight: 400;\"><strong>GDZIE? <a rel=\"external nofollow\" target=\"_blank\" href=\"https:\/\/www.google.com\/maps\/place\/Proza\/@51.1100846,17.0327052,15z\/data=!4m2!3m1!1s0x0:0x7231245a187be7a7?sa=X&amp;ved=2ahUKEwiR1_PO15f-AhVNiYsKHdncDvwQ_BJ6BAhtEAg\"><b>PROZA <\/b><\/a><\/strong>Przej\u015bcie Garncarskie 2, Wroclaw<\/span><\/p>\n<div><strong>AGENDA<\/strong><\/div>\n<div>\n<p><span style=\"font-weight: 400;\">18:00 \u2013 rozpocz\u0119cie i powitanie<br \/>\n<\/span><span style=\"font-weight: 400;\">18:10 \u2013 <b>Daniel Jab\u0142o\u0144ski <\/b><b>(presentation in English) <\/b><b>\u2013 <\/b><b><i>&#8220;Past and future Automotive E\/E architectures\u201d <\/i><\/b>(za Krzysztofa Olka)<\/span><b><i><br \/>\n<\/i><\/b><span style=\"font-weight: 400;\">18:55 \u2013 przerwa<br \/>\n<\/span><span style=\"font-weight: 400;\">19:15 \u2013 <b>Rafa\u0142 Gierszewski (presentation in English) <\/b><b>\u2013<\/b><b><i> &#8220;An overview of Automotive ECU development with AUTOSAR stack&#8221;<\/i><\/b><\/span><b><i><br \/>\n<\/i><\/b><span style=\"font-weight: 400;\">20:00 \u2013 networking &amp; catering<\/span><\/p>\n<p><strong><a class=\"btn mod-orange\" href=\"https:\/\/docs.google.com\/forms\/d\/e\/1FAIpQLSd-bNYu8lyYVNXwO-KiFJuuc79sM3LiCJ2BbFNcAzLqx-Pwug\/viewform\" target=\"_blank\" rel=\"external nofollow\" target=\"_blank\" nofollow noopener\">DARMOWA REJESTRACJA<\/a><\/strong><\/p>\n<hr \/>\n<p><span style=\"font-weight: 400;\">Poni\u017cej znajdziesz sneak peak tego, jak bawili\u015bmy si\u0119 w Krakowie. I Ty poznawaj nowych ludzi z bran\u017cy, s\u0142uchaj o tym, co Ci\u0119 nap\u0119dza, zdobywaj nowe mo\u017cliwo\u015bci zawodowe. <\/span><span style=\"font-weight: 400;\">Do zobaczenia 23 marca!<\/span><\/p>\n<p><iframe loading=\"lazy\" title=\"GlobalLogic Embedded Meetup\" width=\"500\" height=\"281\" src=\"https:\/\/www.youtube.com\/embed\/lb_8TmChCp4?feature=oembed\" frameborder=\"0\" allow=\"accelerometer; autoplay; clipboard-write; encrypted-media; gyroscope; picture-in-picture; web-share\" referrerpolicy=\"strict-origin-when-cross-origin\" allowfullscreen><\/iframe><\/p>\n<\/div>\n<\/div>\n","protected":false},"excerpt":{"rendered":"<p>Poznaj pasjonat\u00f3w system\u00f3w wbudowanych i wys\u0142uchaj fascynuj\u0105cych prelekcji na Embedded Meetupie \u2013 wydarzeniu dla bran\u017cy IT, kt\u00f3re odb\u0119dzie si\u0119 25 kwietnia w klubie PROZA. Na miejscu spotkasz si\u0119 te\u017c z prawdziwymi ekspertami, kt\u00f3rzy podziel\u0105 si\u0119 z Tob\u0105 najnowszymi trendami i narz\u0119dziami. Zapisz si\u0119 ju\u017c dzi\u015b i zacznij tworzy\u0107 swoj\u0105 sie\u0107 kontakt\u00f3w w bran\u017cy embedded! Embedded Meetup to doskona\u0142a okazja dla profesjonalist\u00f3w z bran\u017cy IT, by spotka\u0107 si\u0119, nawi\u0105za\u0107 kontakty i rozwija\u0107 swoj\u0105 wiedz\u0119. Na naszych spotkaniach go\u015bcimy ekspert\u00f3w, kt\u00f3rzy dziel\u0105 si\u0119 swoim do\u015bwiadczeniem i ch\u0119tnie odpowiadaj\u0105 na pytania o to, co Was nurtuje, inspiruje czy nap\u0119dza. Podczas najbli\u017cszego spotkania na tapecie znajd\u0105 si\u0119 projekty i rozwi\u0105zania z sektora automotive. Nasi eksperci \u2013 Daniel Jab\u0142o\u0144ski (za Krzysztofa Olka) i Rafa\u0142 Gierszewski podziel\u0105 si\u0119 wiedz\u0105 na tematy zwi\u0105zane z oprogramowaniem oraz jego rozwojem w bran\u017cy motoryzacyjnej. DARMOWA REJESTRACJA Poni\u017cej znajdziesz sneak peak tego, jak bawili\u015bmy si\u0119 w Krakowie. I Ty poznawaj nowych ludzi z bran\u017cy, s\u0142uchaj o tym, co Ci\u0119 nap\u0119dza, zdobywaj nowe mo\u017cliwo\u015bci zawodowe. Do zobaczenia 23 marca!<\/p>\n","protected":false},"featured_media":83643,"parent":0,"menu_order":18,"template":"","meta":{"_acf_changed":false,"footnotes":""},"embedded-category":[],"class_list":["post-82413","events","type-events","status-publish","has-post-thumbnail","hentry"],"acf":[],"aioseo_notices":[],"_links":{"self":[{"href":"https:\/\/www.globallogic.com\/pl\/wp-json\/wp\/v2\/events\/82413","targetHints":{"allow":["GET"]}}],"collection":[{"href":"https:\/\/www.globallogic.com\/pl\/wp-json\/wp\/v2\/events"}],"about":[{"href":"https:\/\/www.globallogic.com\/pl\/wp-json\/wp\/v2\/types\/events"}],"version-history":[{"count":0,"href":"https:\/\/www.globallogic.com\/pl\/wp-json\/wp\/v2\/events\/82413\/revisions"}],"wp:featuredmedia":[{"embeddable":true,"href":"https:\/\/www.globallogic.com\/pl\/wp-json\/wp\/v2\/media\/83643"}],"wp:attachment":[{"href":"https:\/\/www.globallogic.com\/pl\/wp-json\/wp\/v2\/media?parent=82413"}],"wp:term":[{"taxonomy":"embedded-category","embeddable":true,"href":"https:\/\/www.globallogic.com\/pl\/wp-json\/wp\/v2\/embedded-category?post=82413"}],"curies":[{"name":"wp","href":"https:\/\/api.w.org\/{rel}","templated":true}]}}