{"id":89530,"date":"2024-02-24T21:20:08","date_gmt":"2024-02-24T21:20:08","guid":{"rendered":"https:\/\/www.globallogic.com\/sk\/?post_type=events&#038;p=89530"},"modified":"2025-07-24T07:15:49","modified_gmt":"2025-07-24T07:15:49","slug":"osobna-prioritizacia-ako-cesta-k-it-vzdelavaniu","status":"publish","type":"events","link":"https:\/\/www.globallogic.com\/sk\/about\/events\/osobna-prioritizacia-ako-cesta-k-it-vzdelavaniu\/","title":{"rendered":"Osobn\u00e1 prioritiz\u00e1cia ako cesta k IT vzdel\u00e1vaniu"},"content":{"rendered":"<div class=\"classic_editor_content\"><p>Chcete vedie\u0165, ako efekt\u00edvne z\u00edskava\u0165 digit\u00e1lne zru\u010dnosti aj v mno\u017estve pracovn\u00fdch \u010di osobn\u00fdch povinnost\u00ed? Pri\u010fte na event, kde spolo\u010dne objav\u00edme tipy a osved\u010den\u00e9 postupy na organizovanie svojho vlastn\u00e9ho \u010dasu. Po\u010fme sa spolo\u010dne in\u0161pirova\u0165, ako \u00fa\u010dinne integrova\u0165 IT \u0161t\u00fadium do n\u00e1\u0161ho ru\u0161n\u00e9ho \u017eivotn\u00e9ho \u0161t\u00fdlu.<\/p>\n<p>Ako hlavn\u00fd partner, v\u00e1s srde\u010dne poz\u00fdvame na \u0161peci\u00e1lny networkingov\u00fd event, ktor\u00fd nesie n\u00e1zov: <strong>ME-management: osobn\u00e1 prioritiz\u00e1cia<\/strong><b>\u00a0ako cesta<\/b>\u00a0<strong>k IT vzdel\u00e1vaniu.\u00a0<\/strong><\/p>\n<p>\u010co n\u00e1s \u010dak\u00e1:<\/p>\n<ul>\n<li>diskusia o time managemente a zdie\u013eanie osobn\u00fdch sk\u00fasenost\u00ed,<\/li>\n<li>priestor pre vz\u00e1jomne spozn\u00e1vanie a podporu,<\/li>\n<li>panelov\u00e1 diskusia s \u00faspe\u0161n\u00fdmi \u017eenami v IT.<\/li>\n<\/ul>\n<p class=\"x11i5rnm xat24cr x1mh8g0r x1vvkbs xtlvy1s\">D\u00e1tum: <strong>7. marec 2024<\/strong><br \/>\u010cas: <strong>17:00 &#8211; 20:00 hod<\/strong><br \/>Miesto: <strong>UVP Technicom, N\u011bmcovej 5, Ko\u0161ice<\/strong><\/p>\n<p class=\"x11i5rnm xat24cr x1mh8g0r x1vvkbs xtlvy1s\">Te\u0161\u00edme sa na v\u00e1s a na to, \u017ee spolo\u010dne vytvor\u00edme skvel\u00fa atmosf\u00e9ru a in\u0161pir\u00e1cie pre v\u0161etky \u017eeny v IT. Vstup je ZADARMO, ale po\u010det miest je obmedzen\u00fd, tak nev\u00e1hajte a zaregistrujte sa \u010do najsk\u00f4r! Viac inform\u00e1ci\u00ed o evente n\u00e1jdete <a rel=\"external nofollow\" target=\"_blank\" href=\"https:\/\/www.facebook.com\/events\/807498577881667\/\">TU.<\/a><\/p>\n<p style=\"text-align: center;\"><a class=\"btn mod-orange\" rel=\"external nofollow\" target=\"_blank\" href=\"https:\/\/forms.gle\/BfXhA5t6XffyWi6RA\"> REGISTROVA\u0164 SA<\/a><\/p>\n<p>\u00a0<\/p>\n<p>V panelovej diskusii sa predstavia in\u0161pirat\u00edvne d\u00e1my, jednou z nich bude aj na\u0161a kolegy\u0148a: <strong>Michaela Alksnevicius<\/strong><\/p>\n<p>Testerka a predov\u0161etk\u00fdm mama 2 det\u00ed, ktor\u00e1 sa po dlh\u0161ej kari\u00e9rnej ceste v oblasti HR, odhodlala da\u0165 \u201cv\u00fdhybku\u201d do IT. Po\u010das materskej absolvovala kurzy testovania a programovania, ktor\u00e9 ju dostato\u010dne pripravili na pr\u00e1cu softv\u00e9rovej testerky. Na tejto pr\u00e1ci ju bav\u00ed hlavne to, \u017ee m\u00f4\u017ee prem\u00fd\u0161\u013ea\u0165 technicky \u010do je protip\u00f3l zabehnut\u00e9ho rodinn\u00e9ho \u017eivota. Plusom je vyu\u017e\u00edvanie &#8220;hra\u010diek&#8221; &#8211; r\u00f4znych elektrotechnick\u00fdch zariaden\u00ed. Aktu\u00e1lne sa spolupodie\u013ea na v\u00fdvoji zariadenia, ktor\u00e9 zachra\u0148uje \u013eudsk\u00e9 \u017eivoty. Aj to ju utvrdilo v tom, \u017ee urobila spr\u00e1vne \u017eivotn\u00e9 rozhodnutie.<\/p>\n\n<\/div>\n<figure class=\"wp-block-image size-full is-resized\"><img loading=\"lazy\" decoding=\"async\" width=\"768\" height=\"911\" src=\"https:\/\/www.globallogic.com\/sk\/wp-content\/uploads\/sites\/8\/2024\/02\/Michaela-Alksnevicius-768x911-2.jpg\" alt=\"\" class=\"wp-image-103267\" style=\"width:301px;height:auto\" srcset=\"https:\/\/www.globallogic.com\/sk\/wp-content\/uploads\/sites\/8\/2024\/02\/Michaela-Alksnevicius-768x911-2.jpg 768w, https:\/\/www.globallogic.com\/sk\/wp-content\/uploads\/sites\/8\/2024\/02\/Michaela-Alksnevicius-768x911-2-253x300.jpg 253w\" sizes=\"auto, (max-width: 768px) 100vw, 768px\" \/><\/figure>\n\n\n\n<p>Michaela Alksnevicius<\/p>\n","protected":false},"excerpt":{"rendered":"<p>Chcete vedie\u0165, ako efekt\u00edvne z\u00edskava\u0165 digit\u00e1lne zru\u010dnosti aj v mno\u017estve pracovn\u00fdch \u010di osobn\u00fdch povinnost\u00ed? Pri\u010fte na event, kde spolo\u010dne objav\u00edme tipy a osved\u010den\u00e9 postupy na organizovanie svojho vlastn\u00e9ho \u010dasu. Po\u010fme sa spolo\u010dne in\u0161pirova\u0165, ako \u00fa\u010dinne integrova\u0165 IT \u0161t\u00fadium do n\u00e1\u0161ho ru\u0161n\u00e9ho \u017eivotn\u00e9ho \u0161t\u00fdlu. Ako hlavn\u00fd partner, v\u00e1s srde\u010dne poz\u00fdvame na \u0161peci\u00e1lny networkingov\u00fd event, ktor\u00fd nesie n\u00e1zov: ME-management: osobn\u00e1 prioritiz\u00e1cia\u00a0ako cesta\u00a0k IT vzdel\u00e1vaniu.\u00a0 \u010co n\u00e1s \u010dak\u00e1: diskusia o time managemente a zdie\u013eanie osobn\u00fdch sk\u00fasenost\u00ed, priestor pre vz\u00e1jomne spozn\u00e1vanie a podporu, panelov\u00e1 diskusia s \u00faspe\u0161n\u00fdmi \u017eenami v IT. D\u00e1tum: 7. marec 2024\u010cas: 17:00 &#8211; 20:00 hodMiesto: UVP Technicom, N\u011bmcovej 5, Ko\u0161ice Te\u0161\u00edme sa na v\u00e1s a na to, \u017ee spolo\u010dne vytvor\u00edme skvel\u00fa atmosf\u00e9ru a in\u0161pir\u00e1cie pre v\u0161etky \u017eeny v IT. Vstup je ZADARMO, ale po\u010det miest je obmedzen\u00fd, tak nev\u00e1hajte a zaregistrujte sa \u010do najsk\u00f4r! Viac inform\u00e1ci\u00ed o evente n\u00e1jdete TU. REGISTROVA\u0164 SA \u00a0 V panelovej diskusii sa predstavia in\u0161pirat\u00edvne d\u00e1my, jednou z nich bude aj na\u0161a kolegy\u0148a: Michaela Alksnevicius Testerka a predov\u0161etk\u00fdm mama 2 det\u00ed, ktor\u00e1 sa po dlh\u0161ej kari\u00e9rnej ceste v oblasti HR, odhodlala da\u0165 \u201cv\u00fdhybku\u201d do IT. Po\u010das materskej absolvovala kurzy testovania a programovania, ktor\u00e9 ju dostato\u010dne pripravili na pr\u00e1cu softv\u00e9rovej testerky. Na tejto pr\u00e1ci ju bav\u00ed hlavne to,&#8230;<\/p>\n","protected":false},"featured_media":89531,"parent":0,"menu_order":0,"template":"","meta":{"_acf_changed":false,"footnotes":""},"embedded-category":[],"class_list":["post-89530","events","type-events","status-publish","has-post-thumbnail","hentry"],"acf":[],"aioseo_notices":[],"_links":{"self":[{"href":"https:\/\/www.globallogic.com\/sk\/wp-json\/wp\/v2\/events\/89530","targetHints":{"allow":["GET"]}}],"collection":[{"href":"https:\/\/www.globallogic.com\/sk\/wp-json\/wp\/v2\/events"}],"about":[{"href":"https:\/\/www.globallogic.com\/sk\/wp-json\/wp\/v2\/types\/events"}],"version-history":[{"count":2,"href":"https:\/\/www.globallogic.com\/sk\/wp-json\/wp\/v2\/events\/89530\/revisions"}],"predecessor-version":[{"id":103270,"href":"https:\/\/www.globallogic.com\/sk\/wp-json\/wp\/v2\/events\/89530\/revisions\/103270"}],"wp:featuredmedia":[{"embeddable":true,"href":"https:\/\/www.globallogic.com\/sk\/wp-json\/wp\/v2\/media\/89531"}],"wp:attachment":[{"href":"https:\/\/www.globallogic.com\/sk\/wp-json\/wp\/v2\/media?parent=89530"}],"wp:term":[{"taxonomy":"embedded-category","embeddable":true,"href":"https:\/\/www.globallogic.com\/sk\/wp-json\/wp\/v2\/embedded-category?post=89530"}],"curies":[{"name":"wp","href":"https:\/\/api.w.org\/{rel}","templated":true}]}}