{"id":89896,"date":"2024-04-23T10:00:16","date_gmt":"2024-04-23T10:00:16","guid":{"rendered":"https:\/\/www.globallogic.com\/sk\/?post_type=insightsection&#038;p=89896"},"modified":"2025-03-08T17:01:31","modified_gmt":"2025-03-08T17:01:31","slug":"zeny-prinasaju-do-it-iny-pohlad","status":"publish","type":"insightsection","link":"https:\/\/www.globallogic.com\/sk\/insights\/blogs\/zeny-prinasaju-do-it-iny-pohlad\/","title":{"rendered":"\u017deny prin\u00e1\u0161aj\u00fa do IT in\u00fd poh\u013ead"},"content":{"rendered":"<div class=\"classic_editor_content\"><span style=\"font-weight: 400;\">Vedeli ste, \u017ee prv\u00fdm program\u00e1torom na svete nebol mu\u017e, ale \u017eena? Ada Lovance je pova\u017eovan\u00e1 za zakladate\u013eku strojov\u00e9ho programovania. Aj v GlobalLogic Slovakia m\u00e1me v\u00fdnimo\u010dn\u00e9 \u017eeny, ktor\u00e9 s\u00fa in\u0161pir\u00e1ciou pre mnoh\u00e9 mlad\u00e9 diev\u010dat\u00e1.\u00a0<\/span><\/p>\n<p><span style=\"font-weight: 400;\">Aj to je d\u00f4vod, pre\u010do sme u\u017e deviaty rok s\u00fa\u010das\u0165ou <a href=\"https:\/\/www.globallogic.com\/sk\/about\/events\/girls-day-2024\/\">Medzin\u00e1rodn\u00e9ho d\u0148a diev\u010dat v IT sf\u00e9re<\/a>, ktor\u00e9 zastre\u0161uje organiz\u00e1cia <\/span><a rel=\"external nofollow\" target=\"_blank\" href=\"https:\/\/ajtyvit.sk\/\"><span style=\"font-weight: 400;\">Aj Ty v IT<\/span><\/a><span style=\"font-weight: 400;\">. Na podujat\u00ed predstav\u00edme \u0161ikovn\u00e9 kolegyne a hlavn\u00fdm cie\u013eom tohto d\u0148a bude motivova\u0165 stredo\u0161kol\u00e1\u010dky k tomu, aby objavili kr\u00e1su IT a pridali sa k n\u00e1m.<\/span><\/p>\n<p><span style=\"font-weight: 400;\">V GlobalLogic organizujeme aktivity a podujatia zameran\u00e9 na \u010disto \u017eensk\u00e9 publikum, s cie\u013eom zv\u00fd\u0161i\u0165 diverzitu v IT prostred\u00ed. Pon\u00fakame predn\u00e1\u0161ky a aktivity, ktor\u00e9 m\u00f4\u017eu vyu\u017ei\u0165 priamo na\u0161e kolegyne. Venujeme sa aj extern\u00e9mu publiku \u017eien a diev\u010dat, s ktor\u00fdm pracujeme, preto\u017ee ver\u00edme, \u017ee diverzita v kone\u010dnom d\u00f4sledku prispieva k tvorbe kreat\u00edvnej\u0161\u00edch a lep\u0161\u00edch rie\u0161en\u00ed.\u00a0<\/span><\/p>\n<p><span style=\"font-weight: 400;\">A \u010do hovoria o svojej pr\u00e1ci v preva\u017ene mu\u017eskom kolekt\u00edve na\u0161e kolegyne? Na na\u0161e ot\u00e1zky n\u00e1m odpovedali Jitka, ktor\u00e1 pracuje ako testerka a Krist\u00edna, ktor\u00e1 je riadite\u013eka marketingov\u00e9ho oddelenia v EMEA.\u00a0<\/span><\/p>\n<h5><b>Ako vn\u00edmate svoju pr\u00e1cu v IT a \u010do v\u00e1s na nej bav\u00ed?<\/b><\/h5>\n<p><span style=\"font-weight: 400;\">Jitka: <\/span><span style=\"font-weight: 400;\">\u201e<\/span><span style=\"font-weight: 400;\">Bav\u00ed ma rozmanitos\u0165 pr\u00e1ce. U\u010d\u00edm sa st\u00e1le nov\u00e9 veci a nesk\u013azavam do stereotypu. M\u00e1m rada pocit, ke\u010f vid\u00edm v\u00fdsledky svojej pr\u00e1ce a viem, \u017ee som u\u017eito\u010dn\u00e1.\u201d<br \/>\n<\/span><span style=\"font-weight: 400;\"><br \/>\n<\/span><span style=\"font-weight: 400;\">Krist\u00edna: <\/span><span style=\"font-weight: 400;\">\u201e<\/span><span style=\"font-weight: 400;\">Cel\u00e9 moje p\u00f4sobenie v IT je pre m\u0148a jedna nekone\u010dn\u00e1 u\u010diaca sa jazda. Na mojej pr\u00e1ci ma najviac bav\u00ed jej r\u00f4znorodos\u0165, dynamickos\u0165 a inakos\u0165. Jedine\u010dnos\u0165 \u013eud\u00ed, s ktor\u00fdmi spolupracujem. Mysl\u00edm si, \u017ee veci, ktor\u00e9 sa v Ko\u0161iciach a v\u00f4bec IT na Slovensku robia, s\u00fa ve\u013emi zauj\u00edmav\u00e9. \u013dudia, ktor\u00ed tu v IT pracuj\u00fa, maj\u00fa \u010do svetu poveda\u0165 a ja som rada, \u017ee m\u00f4\u017eem spolu s nimi rozpr\u00e1va\u0165 tieto pr\u00edbehy.\u201d<\/span><\/p>\n<h5><b>\u010ci chceme, \u010di nie, pr\u00e1ca v IT je e\u0161te st\u00e1le preva\u017ene mu\u017eskou dom\u00e9nou. Ako sa c\u00edtite v mu\u017eskom kolekt\u00edve?<\/b><\/h5>\n<p><span style=\"font-weight: 400;\">Jitka: <\/span><span style=\"font-weight: 400;\">\u201e<\/span><span style=\"font-weight: 400;\">V\u00e4\u010d\u0161inou sa c\u00edtim ve\u013emi dobre. Cel\u00fd \u017eivot som viac v mu\u017eskom kolekt\u00edve a nie v \u017eenskom. V\u00fdhody, s\u00fa zjavn\u00e9. Je jedno \u010do si oble\u010diem, \u010di sa nama\u013eujem a nikto nerie\u0161i \u010do m\u00e1m na sebe. Mu\u017ei s\u00fa vtipn\u00ed, radi prehodia p\u00e1r slov, neintriguj\u00fa, nesk\u00e1\u010du do re\u010di, neohov\u00e1raj\u00fa. Nev\u00fdhody? Ob\u010das sa zasekn\u00fa pri technik\u00e1liach, dokazovan\u00ed r\u00f4znych princ\u00edpov a str\u00e1caj\u00fa pojem o \u0161ir\u0161om obraze veci.\u201d<\/span><\/p>\n<p><span style=\"font-weight: 400;\">Krist\u00edna: <\/span><span style=\"font-weight: 400;\">\u201e<\/span><span style=\"font-weight: 400;\">\u017deny a mu\u017ei prin\u00e1\u0161aj\u00fa do pracovn\u00e9ho prostredia ka\u017ed\u00fd in\u00fa dynamiku a \u010d\u00edm je pracovn\u00e9 prostredie r\u00f4znorodej\u0161ie, t\u00fdm s\u00fa t\u00edmy schopn\u00e9 prin\u00e1\u0161a\u0165 lep\u0161ie v\u00fdsledky. \u017deny prin\u00e1\u0161aj\u00fa \u010dasto in\u00fd poh\u013ead na vec ako mu\u017ei a maj\u00fa schopnosti a zru\u010dnosti, ktor\u00e9 mu\u017eom ch\u00fdbaj\u00fa a naopak. A to je fajn, pr\u00edroda to pre nie\u010do takto zariadila. Je len na n\u00e1s, aby ten spr\u00e1vny mix \u017eien a mu\u017eov bol zabezpe\u010den\u00fd. Aj v IT.&#8221;<\/span><\/p>\n<h5><b>Nepomer \u017eien a mu\u017eov v IT sf\u00e9re je aktu\u00e1lnou t\u00e9mou. <\/b><b>\u010co si mysl\u00edte, \u017ee by mohlo by\u0165 motiv\u00e1ciou pre ostatn\u00e9 \u017eeny vst\u00fapi\u0165 do IT?<\/b><\/h5>\n<p><span style=\"font-weight: 400;\">Jitka: <\/span><span style=\"font-weight: 400;\">\u201e<\/span><span style=\"font-weight: 400;\">Mysl\u00edm, \u017ee v prom rade by mal ma\u0165 ka\u017ed\u00fd rovnak\u00fa \u0161ancu, aby robil to, \u010do ho bav\u00ed. Aby v mladom veku \u010dlovek sk\u00fasil r\u00f4zne veci a pri\u0161iel do kontaktu s r\u00f4znymi \u013eu\u010fmi. Pokia\u013e diev\u010da sk\u00fasi u\u017e v mladom veku programova\u0165 alebo testova\u0165, pr\u00edpadne sa dosta\u0165 do sveta IT in\u00fdm sp\u00f4sobom a zist\u00ed, \u017ee ju to bav\u00ed a prin\u00e1\u0161a rados\u0165 a uspokojenie, mala by sa m\u00f4c\u0165 rozhodn\u00fa\u0165, \u010di sa tomu chce venova\u0165 aj profesne. \u017deny vedia do IT prinies\u0165 ve\u013ea. Maj\u00fa zmysel pre detail, vedia robi\u0165 viac vec\u00ed naraz, maj\u00fa mnoh\u00e9 mana\u017e\u00e9rske zru\u010dnosti u\u017e len z vedenia dom\u00e1cnosti a motiv\u00e1cie det\u00ed. Ur\u010dite som za to, aby sa v IT vyskytovalo viac \u017eien.&#8221;<\/span><\/p>\n<p><span style=\"font-weight: 400;\">Krist\u00edna: <\/span><span style=\"font-weight: 400;\">\u201e<\/span><span style=\"font-weight: 400;\">Aj ke\u010f to znie ako stra\u0161iak a mo\u017eno si niekto m\u00f4\u017ee myslie\u0165, \u017ee na IT nem\u00e1 bunky, dnes profesie vo svete IT nie s\u00fa \u010disto technologick\u00e9. Svet IT je dnes oblas\u0165ou rozvoja a rastu pre ka\u017ed\u00e9ho, \u017eeny nevyn\u00edmaj\u00fac. IT je oblas\u0165, ktor\u00e1 pon\u00faka nespo\u010detn\u00e9 mno\u017estvo mo\u017enost\u00ed pre profesn\u00fd rast a rozvoj&#8230; pre t\u00fdch \u010do sa neboja sn\u00edva\u0165, rozm\u00fd\u0161\u013ea\u0165, \u010di chc\u00fa na sebe pracova\u0165. T\u00fdch, \u010do chc\u00fa vidie\u0165 v\u00fdsledky svojej pr\u00e1ce\u2026 pre introvertov aj extrovertov. Jedn\u00fdm klikom vie dnes \u010dlovek zmeni\u0165 ve\u013ea. Tak pre\u010do by to nemohla by\u0165 \u017eena?\u201d<\/span><\/p>\n<h5><b>V z\u00e1vere sme oslovili \u0160tefana Lacka, ktor\u00fd takto pekne zhodnotil, pre\u010do s\u00fa \u017eeny v IT d\u00f4le\u017eit\u00e9.<\/b><\/h5>\n<p><span style=\"font-weight: 400;\">\u0160tefan Lacko: <\/span><span style=\"font-weight: 400;\">\u201e<\/span><span style=\"font-weight: 400;\">\u017deny do v\u00e4\u010d\u0161inou mu\u017esk\u00fdch kolekt\u00edvov v IT prin\u00e1\u0161aju in\u00e9 poh\u013eady na vec a in\u00e9 rie\u0161enia probl\u00e9mov. Vedia sa lep\u0161ie orientova\u0165 v riaden\u00ed \u013eudsk\u00fdch zdrojov, s\u00fa prec\u00edznej\u0161ie a maj\u00fa vy\u0161\u0161iu mieru zodpovednosti. Diverzifik\u00e1cia je jednou z d\u00f4le\u017eit\u00fdch t\u00e9m, ktorej sa v GlobalLogic venuje ve\u013ek\u00e1 pozornos\u0165. Je na\u0161ou snahou zv\u00fd\u0161i\u0165 zast\u00fapenie \u017eien v na\u0161ej firme a celkovo v IT priemysle, preto podporujeme Girl\u2019s Day.&#8221;<\/span><\/div>\n","protected":false},"excerpt":{"rendered":"<p>\u017deny do v\u00e4\u010d\u0161inou mu\u017esk\u00fdch kolekt\u00edvov v IT prin\u00e1\u0161aju in\u00e9 poh\u013eady na vec a in\u00e9 rie\u0161enia probl\u00e9mov. Vedia sa lep\u0161ie orientova\u0165 v riaden\u00ed \u013eudsk\u00fdch zdrojov, s\u00fa prec\u00edznej\u0161ie a maj\u00fa vy\u0161\u0161iu mieru zodpovednosti.<\/p>\n","protected":false},"author":36,"featured_media":100503,"parent":0,"menu_order":0,"template":"","insight":[41],"insight-subcats":[761],"insight-industry":[773],"insight-services":[],"insight-partners":[],"class_list":["post-89896","insightsection","type-insightsection","status-publish","has-post-thumbnail","hentry","insight-blogs","insight-subcats-work-life","insight-industry-uncategorized"],"acf":[],"aioseo_notices":[],"_links":{"self":[{"href":"https:\/\/www.globallogic.com\/sk\/wp-json\/wp\/v2\/insightsection\/89896","targetHints":{"allow":["GET"]}}],"collection":[{"href":"https:\/\/www.globallogic.com\/sk\/wp-json\/wp\/v2\/insightsection"}],"about":[{"href":"https:\/\/www.globallogic.com\/sk\/wp-json\/wp\/v2\/types\/insightsection"}],"author":[{"embeddable":true,"href":"https:\/\/www.globallogic.com\/sk\/wp-json\/wp\/v2\/users\/36"}],"version-history":[{"count":2,"href":"https:\/\/www.globallogic.com\/sk\/wp-json\/wp\/v2\/insightsection\/89896\/revisions"}],"predecessor-version":[{"id":102405,"href":"https:\/\/www.globallogic.com\/sk\/wp-json\/wp\/v2\/insightsection\/89896\/revisions\/102405"}],"wp:featuredmedia":[{"embeddable":true,"href":"https:\/\/www.globallogic.com\/sk\/wp-json\/wp\/v2\/media\/100503"}],"wp:attachment":[{"href":"https:\/\/www.globallogic.com\/sk\/wp-json\/wp\/v2\/media?parent=89896"}],"wp:term":[{"taxonomy":"insight","embeddable":true,"href":"https:\/\/www.globallogic.com\/sk\/wp-json\/wp\/v2\/insight?post=89896"},{"taxonomy":"insight-subcats","embeddable":true,"href":"https:\/\/www.globallogic.com\/sk\/wp-json\/wp\/v2\/insight-subcats?post=89896"},{"taxonomy":"insight-industry","embeddable":true,"href":"https:\/\/www.globallogic.com\/sk\/wp-json\/wp\/v2\/insight-industry?post=89896"},{"taxonomy":"insight-services","embeddable":true,"href":"https:\/\/www.globallogic.com\/sk\/wp-json\/wp\/v2\/insight-services?post=89896"},{"taxonomy":"insight-partners","embeddable":true,"href":"https:\/\/www.globallogic.com\/sk\/wp-json\/wp\/v2\/insight-partners?post=89896"}],"curies":[{"name":"wp","href":"https:\/\/api.w.org\/{rel}","templated":true}]}}